{"id":4043,"date":"2019-10-29T19:19:24","date_gmt":"2019-10-29T19:19:24","guid":{"rendered":"http:\/\/lashormigasnegras.com\/portfolio\/museo-etnografico-faro-de-maspalomas\/"},"modified":"2020-12-30T12:50:34","modified_gmt":"2020-12-30T12:50:34","slug":"maspalomas-ethnographic-museum","status":"publish","type":"portfolio_item","link":"https:\/\/lashormigasnegras.com\/en\/portfolio\/maspalomas-ethnographic-museum\/","title":{"rendered":"Maspalomas Ethnographic Museum"},"content":{"rendered":"\r\n<h2>Las c\u00e1maras de Las Hormigas Negras grabaron la inauguraci\u00f3n del Museo Etnogr\u00e1fico de Maspalomas<\/h2>\r\n<p>En 2018 tuvo lugar la inauguraci\u00f3n del Museo Etnogr\u00e1fico de Maspalomas, ubicado en el faro de esta playa. Un acto muy emotivo, que fue un homenaje a la cultura y a la historia del sur de Gran Canaria, cuyo video fue producido por la productora audiovisual Las Hormigas Negras.<\/p>\r\n<p>Como expres\u00f3 Antonio Morales, presidente del Cabildo de Gran Canaria, durante su discurso de inauguraci\u00f3n \u201cabrimos hoy el faro m\u00e1s popular de cuantos hay en Canarias. Est\u00e1 a punto de cumplir 130 a\u00f1os, es el abuelo m\u00e1s antiguo de nuestras costas. Queremos que simbolice la uni\u00f3n de nuestra rica historia y el futuro esperanzador que tienen Gran Canaria, si navegamos unidos en la conservaci\u00f3n de los tesoros que disfrutamos\u201d.<\/p>\r\n<p>Con este esp\u00edritu emotivo y de homenaje a la historia y la cultura de Gran Canaria, los operadores de c\u00e1mara de Las Hormigas Negras grabaron los mejores momentos de este acto con un gran equipamiento t\u00e9cnico y nuestro drone. Adem\u00e1s, se ha realizado una cuidada labor de edici\u00f3n y de contenido.<\/p>\r\n<p>Durante la inauguraci\u00f3n los artistas Pedro Manuel Afonso, Judith Pessoa, Germ\u00e1n L\u00f3pez y m\u00fasicos de la Orquesta Filarm\u00f3nica de Gran Canaria interpretaron canciones como <em>Maspalomas y t\u00fa<\/em> y <em>Sombras del Nublo.<\/em> El faro albergar\u00e1 un conjunto muse\u00edstico y exposiciones que reflejar\u00e1n las tradiciones canarias. Tambi\u00e9n hubo un espect\u00e1culo de videomapping que destac\u00f3 la arquitectura del faro de Maspalomas.<\/p>\r\n<p>Desde nuestra productora audiovisual hicimos una cuidada labor de producci\u00f3n, gesti\u00f3n y grabaci\u00f3n de la mano de nuestros operadores de c\u00e1mara y editores, utilizando el mejor equipamiento t\u00e9cnico y nuestro drone para crear un video que transmitiera este evento tan importante para los grancanarios y grancanarias. Esta es la raz\u00f3n por la que Las Hormigas Negras es una de las productoras audiovisuales punteras en el \u00e1mbito del v\u00eddeo corporativo en Canarias.<\/p>\r\n<p><iframe loading=\"lazy\" src=\"https:\/\/player.vimeo.com\/video\/331978415\" width=\"1280\" height=\"720\" frameborder=\"0\" allowfullscreen=\"allowfullscreen\"><\/iframe><\/p>\r\n<p><a href=\"https:\/\/vimeo.com\/331978415\">Museo Etnogra\u0301fico Faro Maspalomas<\/a> from <a href=\"https:\/\/vimeo.com\/lashormigasnegras\">Las Hormigas Negras<\/a> on <a href=\"https:\/\/vimeo.com\">Vimeo<\/a>.<\/p>\r\n","protected":false},"excerpt":{"rendered":"<p>Las c\u00e1maras de Las Hormigas Negras grabaron la inauguraci\u00f3n del Museo Etnogr\u00e1fico de Maspalomas En 2018 tuvo lugar la inauguraci\u00f3n del Museo Etnogr\u00e1fico de Maspalomas, ubicado en el faro de esta playa. Un acto muy emotivo, que fue un homenaje a la cultura y a la historia del sur de Gran Canaria, cuyo video fue producido por la productora audiovisual Las Hormigas Negras. Como expres\u00f3 Antonio Morales, presidente del Cabildo de Gran Canaria, durante su discurso de inauguraci\u00f3n \u201cabrimos hoy el faro m\u00e1s popular de cuantos hay en Canarias. Est\u00e1 a punto de cumplir 130 a\u00f1os, es el abuelo m\u00e1s antiguo de nuestras costas. Queremos que simbolice la uni\u00f3n de nuestra rica historia y el futuro esperanzador que tienen Gran Canaria, si navegamos unidos en la conservaci\u00f3n de los tesoros que disfrutamos\u201d. Con este esp\u00edritu emotivo y de homenaje a la historia y la cultura de Gran Canaria, los operadores de c\u00e1mara de Las Hormigas Negras grabaron los mejores momentos de este acto con un gran equipamiento t\u00e9cnico y nuestro drone. Adem\u00e1s, se ha realizado una cuidada labor de edici\u00f3n y de contenido. Durante la inauguraci\u00f3n los artistas Pedro Manuel Afonso, Judith Pessoa, Germ\u00e1n L\u00f3pez y m\u00fasicos de la Orquesta Filarm\u00f3nica de Gran Canaria interpretaron canciones como Maspalomas y t\u00fa y Sombras del Nublo. El faro albergar\u00e1 un conjunto muse\u00edstico y exposiciones que reflejar\u00e1n las tradiciones canarias. Tambi\u00e9n hubo un espect\u00e1culo de videomapping que destac\u00f3 la arquitectura del faro de Maspalomas. Desde nuestra productora audiovisual hicimos una cuidada labor de producci\u00f3n, gesti\u00f3n y grabaci\u00f3n de la mano de nuestros operadores de c\u00e1mara y editores, utilizando el mejor equipamiento t\u00e9cnico y nuestro drone para crear un video que transmitiera este evento tan importante para los grancanarios y grancanarias. Esta es la raz\u00f3n por la que Las Hormigas Negras es una de las productoras audiovisuales punteras en el \u00e1mbito del v\u00eddeo corporativo en Canarias. Museo Etnogra\u0301fico Faro Maspalomas from Las Hormigas Negras on Vimeo.<\/p>\n","protected":false},"author":1,"featured_media":3662,"comment_status":"open","ping_status":"closed","template":"","meta":[],"portfolio":[45],"class_list":["post-4043","portfolio_item","type-portfolio_item","status-publish","has-post-thumbnail","hentry","portfolio-detalle-en"],"yoast_head":"<!-- This site is optimized with the Yoast SEO plugin v27.5 - https:\/\/yoast.com\/product\/yoast-seo-wordpress\/ -->\n<title>Maspalomas Ethnographic Museum - Corporate videos<\/title>\n<meta name=\"description\" content=\"Production made for the Maspalomas Ethnographic Museum in Gran Canaria. Discover more corporate videos in the Canary Islands.\" \/>\n<meta name=\"robots\" content=\"index, follow, max-snippet:-1, max-image-preview:large, max-video-preview:-1\" \/>\n<link rel=\"canonical\" href=\"https:\/\/lashormigasnegras.com\/en\/portfolio\/maspalomas-ethnographic-museum\/\" \/>\n<meta property=\"og:locale\" content=\"en_GB\" \/>\n<meta property=\"og:type\" content=\"article\" \/>\n<meta property=\"og:title\" content=\"Maspalomas Ethnographic Museum - Corporate videos\" \/>\n<meta property=\"og:description\" content=\"Production made for the Maspalomas Ethnographic Museum in Gran Canaria. Discover more corporate videos in the Canary Islands.\" \/>\n<meta property=\"og:url\" content=\"https:\/\/lashormigasnegras.com\/en\/portfolio\/maspalomas-ethnographic-museum\/\" \/>\n<meta property=\"og:site_name\" content=\"Las Hormigas Negras Productora Audiovisual\" \/>\n<meta property=\"article:modified_time\" content=\"2020-12-30T12:50:34+00:00\" \/>\n<meta property=\"og:image\" content=\"https:\/\/lashormigasnegras.com\/wp-content\/uploads\/2019\/09\/MUSEO-ETNOGRA\u0301FICO_COLOR-2.jpg\" \/>\n\t<meta property=\"og:image:width\" content=\"1728\" \/>\n\t<meta property=\"og:image:height\" content=\"1080\" \/>\n\t<meta property=\"og:image:type\" content=\"image\/jpeg\" \/>\n<meta name=\"twitter:card\" content=\"summary_large_image\" \/>\n<meta name=\"twitter:label1\" content=\"Estimated reading time\" \/>\n\t<meta name=\"twitter:data1\" content=\"2 minutes\" \/>\n<script type=\"application\/ld+json\" class=\"yoast-schema-graph\">{\"@context\":\"https:\\\/\\\/schema.org\",\"@graph\":[{\"@type\":\"WebPage\",\"@id\":\"https:\\\/\\\/lashormigasnegras.com\\\/en\\\/portfolio\\\/maspalomas-ethnographic-museum\\\/\",\"url\":\"https:\\\/\\\/lashormigasnegras.com\\\/en\\\/portfolio\\\/maspalomas-ethnographic-museum\\\/\",\"name\":\"Maspalomas Ethnographic Museum - Corporate videos\",\"isPartOf\":{\"@id\":\"https:\\\/\\\/lashormigasnegras.com\\\/#website\"},\"primaryImageOfPage\":{\"@id\":\"https:\\\/\\\/lashormigasnegras.com\\\/en\\\/portfolio\\\/maspalomas-ethnographic-museum\\\/#primaryimage\"},\"image\":{\"@id\":\"https:\\\/\\\/lashormigasnegras.com\\\/en\\\/portfolio\\\/maspalomas-ethnographic-museum\\\/#primaryimage\"},\"thumbnailUrl\":\"https:\\\/\\\/lashormigasnegras.com\\\/wp-content\\\/uploads\\\/2019\\\/09\\\/MUSEO-ETNOGRA\u0301FICO_COLOR-2.jpg\",\"datePublished\":\"2019-10-29T19:19:24+00:00\",\"dateModified\":\"2020-12-30T12:50:34+00:00\",\"description\":\"Production made for the Maspalomas Ethnographic Museum in Gran Canaria. Discover more corporate videos in the Canary Islands.\",\"breadcrumb\":{\"@id\":\"https:\\\/\\\/lashormigasnegras.com\\\/en\\\/portfolio\\\/maspalomas-ethnographic-museum\\\/#breadcrumb\"},\"inLanguage\":\"en-GB\",\"potentialAction\":[{\"@type\":\"ReadAction\",\"target\":[\"https:\\\/\\\/lashormigasnegras.com\\\/en\\\/portfolio\\\/maspalomas-ethnographic-museum\\\/\"]}]},{\"@type\":\"ImageObject\",\"inLanguage\":\"en-GB\",\"@id\":\"https:\\\/\\\/lashormigasnegras.com\\\/en\\\/portfolio\\\/maspalomas-ethnographic-museum\\\/#primaryimage\",\"url\":\"https:\\\/\\\/lashormigasnegras.com\\\/wp-content\\\/uploads\\\/2019\\\/09\\\/MUSEO-ETNOGRA\u0301FICO_COLOR-2.jpg\",\"contentUrl\":\"https:\\\/\\\/lashormigasnegras.com\\\/wp-content\\\/uploads\\\/2019\\\/09\\\/MUSEO-ETNOGRA\u0301FICO_COLOR-2.jpg\",\"width\":1728,\"height\":1080,\"caption\":\"Museo etnogr\u00e1fico Faro de Maspalomas\"},{\"@type\":\"BreadcrumbList\",\"@id\":\"https:\\\/\\\/lashormigasnegras.com\\\/en\\\/portfolio\\\/maspalomas-ethnographic-museum\\\/#breadcrumb\",\"itemListElement\":[{\"@type\":\"ListItem\",\"position\":1,\"name\":\"Portada\",\"item\":\"https:\\\/\\\/lashormigasnegras.com\\\/en\\\/\"},{\"@type\":\"ListItem\",\"position\":2,\"name\":\"Maspalomas Ethnographic Museum\"}]},{\"@type\":\"WebSite\",\"@id\":\"https:\\\/\\\/lashormigasnegras.com\\\/#website\",\"url\":\"https:\\\/\\\/lashormigasnegras.com\\\/\",\"name\":\"Las Hormigas Negras Productora Audiovisual\",\"description\":\"Las Hormigas Negras es una productora audiovisual ubicada en Canarias y formada por un amplio equipo de profesionales especializados y con amplia experiencia en el sector de la comunicaci&oacute;n. Publicidad, televisi&oacute;n, Internet, transmedia, corporativo&hellip;\",\"publisher\":{\"@id\":\"https:\\\/\\\/lashormigasnegras.com\\\/#organization\"},\"potentialAction\":[{\"@type\":\"SearchAction\",\"target\":{\"@type\":\"EntryPoint\",\"urlTemplate\":\"https:\\\/\\\/lashormigasnegras.com\\\/?s={search_term_string}\"},\"query-input\":{\"@type\":\"PropertyValueSpecification\",\"valueRequired\":true,\"valueName\":\"search_term_string\"}}],\"inLanguage\":\"en-GB\"},{\"@type\":\"Organization\",\"@id\":\"https:\\\/\\\/lashormigasnegras.com\\\/#organization\",\"name\":\"Las Hormigas Negras Productora Audiovisual\",\"url\":\"https:\\\/\\\/lashormigasnegras.com\\\/\",\"logo\":{\"@type\":\"ImageObject\",\"inLanguage\":\"en-GB\",\"@id\":\"https:\\\/\\\/lashormigasnegras.com\\\/#\\\/schema\\\/logo\\\/image\\\/\",\"url\":\"https:\\\/\\\/lashormigasnegras.com\\\/wp-content\\\/uploads\\\/2021\\\/05\\\/logo-las-hormigas-negras-2.png\",\"contentUrl\":\"https:\\\/\\\/lashormigasnegras.com\\\/wp-content\\\/uploads\\\/2021\\\/05\\\/logo-las-hormigas-negras-2.png\",\"width\":250,\"height\":250,\"caption\":\"Las Hormigas Negras Productora Audiovisual\"},\"image\":{\"@id\":\"https:\\\/\\\/lashormigasnegras.com\\\/#\\\/schema\\\/logo\\\/image\\\/\"}}]}<\/script>\n<!-- \/ Yoast SEO plugin. -->","yoast_head_json":{"title":"Maspalomas Ethnographic Museum - Corporate videos","description":"Production made for the Maspalomas Ethnographic Museum in Gran Canaria. Discover more corporate videos in the Canary Islands.","robots":{"index":"index","follow":"follow","max-snippet":"max-snippet:-1","max-image-preview":"max-image-preview:large","max-video-preview":"max-video-preview:-1"},"canonical":"https:\/\/lashormigasnegras.com\/en\/portfolio\/maspalomas-ethnographic-museum\/","og_locale":"en_GB","og_type":"article","og_title":"Maspalomas Ethnographic Museum - Corporate videos","og_description":"Production made for the Maspalomas Ethnographic Museum in Gran Canaria. Discover more corporate videos in the Canary Islands.","og_url":"https:\/\/lashormigasnegras.com\/en\/portfolio\/maspalomas-ethnographic-museum\/","og_site_name":"Las Hormigas Negras Productora Audiovisual","article_modified_time":"2020-12-30T12:50:34+00:00","og_image":[{"width":1728,"height":1080,"url":"https:\/\/lashormigasnegras.com\/wp-content\/uploads\/2019\/09\/MUSEO-ETNOGRA\u0301FICO_COLOR-2.jpg","type":"image\/jpeg"}],"twitter_card":"summary_large_image","twitter_misc":{"Estimated reading time":"2 minutes"},"schema":{"@context":"https:\/\/schema.org","@graph":[{"@type":"WebPage","@id":"https:\/\/lashormigasnegras.com\/en\/portfolio\/maspalomas-ethnographic-museum\/","url":"https:\/\/lashormigasnegras.com\/en\/portfolio\/maspalomas-ethnographic-museum\/","name":"Maspalomas Ethnographic Museum - Corporate videos","isPartOf":{"@id":"https:\/\/lashormigasnegras.com\/#website"},"primaryImageOfPage":{"@id":"https:\/\/lashormigasnegras.com\/en\/portfolio\/maspalomas-ethnographic-museum\/#primaryimage"},"image":{"@id":"https:\/\/lashormigasnegras.com\/en\/portfolio\/maspalomas-ethnographic-museum\/#primaryimage"},"thumbnailUrl":"https:\/\/lashormigasnegras.com\/wp-content\/uploads\/2019\/09\/MUSEO-ETNOGRA\u0301FICO_COLOR-2.jpg","datePublished":"2019-10-29T19:19:24+00:00","dateModified":"2020-12-30T12:50:34+00:00","description":"Production made for the Maspalomas Ethnographic Museum in Gran Canaria. Discover more corporate videos in the Canary Islands.","breadcrumb":{"@id":"https:\/\/lashormigasnegras.com\/en\/portfolio\/maspalomas-ethnographic-museum\/#breadcrumb"},"inLanguage":"en-GB","potentialAction":[{"@type":"ReadAction","target":["https:\/\/lashormigasnegras.com\/en\/portfolio\/maspalomas-ethnographic-museum\/"]}]},{"@type":"ImageObject","inLanguage":"en-GB","@id":"https:\/\/lashormigasnegras.com\/en\/portfolio\/maspalomas-ethnographic-museum\/#primaryimage","url":"https:\/\/lashormigasnegras.com\/wp-content\/uploads\/2019\/09\/MUSEO-ETNOGRA\u0301FICO_COLOR-2.jpg","contentUrl":"https:\/\/lashormigasnegras.com\/wp-content\/uploads\/2019\/09\/MUSEO-ETNOGRA\u0301FICO_COLOR-2.jpg","width":1728,"height":1080,"caption":"Museo etnogr\u00e1fico Faro de Maspalomas"},{"@type":"BreadcrumbList","@id":"https:\/\/lashormigasnegras.com\/en\/portfolio\/maspalomas-ethnographic-museum\/#breadcrumb","itemListElement":[{"@type":"ListItem","position":1,"name":"Portada","item":"https:\/\/lashormigasnegras.com\/en\/"},{"@type":"ListItem","position":2,"name":"Maspalomas Ethnographic Museum"}]},{"@type":"WebSite","@id":"https:\/\/lashormigasnegras.com\/#website","url":"https:\/\/lashormigasnegras.com\/","name":"Las Hormigas Negras Productora Audiovisual","description":"Las Hormigas Negras es una productora audiovisual ubicada en Canarias y formada por un amplio equipo de profesionales especializados y con amplia experiencia en el sector de la comunicaci&oacute;n. Publicidad, televisi&oacute;n, Internet, transmedia, corporativo&hellip;","publisher":{"@id":"https:\/\/lashormigasnegras.com\/#organization"},"potentialAction":[{"@type":"SearchAction","target":{"@type":"EntryPoint","urlTemplate":"https:\/\/lashormigasnegras.com\/?s={search_term_string}"},"query-input":{"@type":"PropertyValueSpecification","valueRequired":true,"valueName":"search_term_string"}}],"inLanguage":"en-GB"},{"@type":"Organization","@id":"https:\/\/lashormigasnegras.com\/#organization","name":"Las Hormigas Negras Productora Audiovisual","url":"https:\/\/lashormigasnegras.com\/","logo":{"@type":"ImageObject","inLanguage":"en-GB","@id":"https:\/\/lashormigasnegras.com\/#\/schema\/logo\/image\/","url":"https:\/\/lashormigasnegras.com\/wp-content\/uploads\/2021\/05\/logo-las-hormigas-negras-2.png","contentUrl":"https:\/\/lashormigasnegras.com\/wp-content\/uploads\/2021\/05\/logo-las-hormigas-negras-2.png","width":250,"height":250,"caption":"Las Hormigas Negras Productora Audiovisual"},"image":{"@id":"https:\/\/lashormigasnegras.com\/#\/schema\/logo\/image\/"}}]}},"_links":{"self":[{"href":"https:\/\/lashormigasnegras.com\/en\/wp-json\/wp\/v2\/portfolio_item\/4043","targetHints":{"allow":["GET"]}}],"collection":[{"href":"https:\/\/lashormigasnegras.com\/en\/wp-json\/wp\/v2\/portfolio_item"}],"about":[{"href":"https:\/\/lashormigasnegras.com\/en\/wp-json\/wp\/v2\/types\/portfolio_item"}],"author":[{"embeddable":true,"href":"https:\/\/lashormigasnegras.com\/en\/wp-json\/wp\/v2\/users\/1"}],"replies":[{"embeddable":true,"href":"https:\/\/lashormigasnegras.com\/en\/wp-json\/wp\/v2\/comments?post=4043"}],"wp:featuredmedia":[{"embeddable":true,"href":"https:\/\/lashormigasnegras.com\/en\/wp-json\/wp\/v2\/media\/3662"}],"wp:attachment":[{"href":"https:\/\/lashormigasnegras.com\/en\/wp-json\/wp\/v2\/media?parent=4043"}],"wp:term":[{"taxonomy":"portfolio","embeddable":true,"href":"https:\/\/lashormigasnegras.com\/en\/wp-json\/wp\/v2\/portfolio?post=4043"}],"curies":[{"name":"wp","href":"https:\/\/api.w.org\/{rel}","templated":true}]}}